{"id":11757,"date":"2025-04-25T14:07:35","date_gmt":"2025-04-25T14:07:35","guid":{"rendered":"https:\/\/stelfia.com\/?post_type=product&#038;p=11757"},"modified":"2026-03-25T17:02:06","modified_gmt":"2026-03-25T17:02:06","slug":"mini-eco-voiture-electrique-senior","status":"publish","type":"product","link":"https:\/\/stelfia.com\/en\/shop\/vehicules\/mobilite-seniors\/mini-eco-voiture-electrique-senior\/","title":{"rendered":"Eco Mini"},"content":{"rendered":"<p data-start=\"174\" data-end=\"393\">La Mini Eco est une voiture \u00e9lectrique senior id\u00e9ale pour les d\u00e9placements du quotidien en Suisse. Cette voiture sans permis pour senior permet de conserver son autonomie tout en profitant d\u2019un v\u00e9hicule confortable et prot\u00e9g\u00e9 des intemp\u00e9ries.<\/p>\n<p data-start=\"395\" data-end=\"570\">Gr\u00e2ce \u00e0 son habitacle ferm\u00e9 et son espace de rangement pratique \u00e0 l\u2019arri\u00e8re, la Mini Eco est la solution de mobilit\u00e9 senior \u00e9lectrique et parfaite pour faire ses courses, se d\u00e9placer en ville ou visiter ses proches.<\/p>\n<p data-start=\"395\" data-end=\"570\">La Mini Eco peut \u00eatre configur\u00e9e selon les besoins de l\u2019utilisateur : soit avec un volant et p\u00e9dales pour une conduite classique, soit avec un guidon de type scooter avec commandes au guidon, permettant de conduire sans utiliser les p\u00e9dales.<\/p>\n<p>Batterie :\u00a0\u00a0\u00a0\u00a0\u00a0\u00a0\u00a0\u00a0\u00a0\u00a0\u00a0\u00a0\u00a0\u00a0\u00a0\u00a0\u00a0\u00a0\u00a0\u00a0\u00a0\u00a0\u00a0 1x gel plomb 60V, 58 Ah \/ 1x Lithium 60V, 52Ah \/ 2x Lithium 60V, 52Ah (104Ah)<\/p>\n<p>Moteur :\u00a0 \u00a0 \u00a0 \u00a0 \u00a0 \u00a0 \u00a0 \u00a0 \u00a0 \u00a0 \u00a0 \u00a0 \u00a0Brushless 1000 W<\/p>\n<p>Maximum speed: 25 km\/h<\/p>\n<p>Autonomie :\u00a0 \u00a0 \u00a0 \u00a0 \u00a0 \u00a0 \u00a0 \u00a0 \u00a060 km \/ 70 km \/ 130 km<\/p>\n<p>Roues :\u00a0 \u00a0 \u00a0 \u00a0 \u00a0 \u00a0 \u00a0 \u00a0 \u00a0 \u00a0 \u00a0 \u00a0 \u00a0 125\/65-12<\/p>\n<p>Brake: Front and rear (hydraulic) discs<\/p>\n<p>Temps de charge :\u00a0 \u00a0 \u00a0 \u00a0Env. 5 &#8211; 6 h (une batterie)<\/p>\n<p>Charger socket: Standard 230V<\/p>\n<p>Poids :\u00a0 \u00a0 \u00a0 \u00a0 \u00a0 \u00a0 \u00a0 \u00a0 \u00a0 \u00a0 \u00a0 \u00a0 \u00a0 \u00a0 199 kg<\/p>\n<p>Charge max :\u00a0 \u00a0 \u00a0 \u00a0 \u00a0 \u00a0 \u00a0 \u00a0181 kg<\/p>\n<p>Etanch\u00e9it\u00e9 :\u00a0 \u00a0 \u00a0 \u00a0 \u00a0 \u00a0 \u00a0 \u00a0 \u00a0 \u00a0Oui<\/p>\n<p>Couleur :\u00a0\u00a0\u00a0\u00a0\u00a0\u00a0\u00a0\u00a0\u00a0\u00a0\u00a0\u00a0\u00a0\u00a0\u00a0\u00a0\u00a0\u00a0\u00a0\u00a0\u00a0\u00a0\u00a0 Noir, bleu, rouge<\/p>\n<p>Nombre de place :\u00a0 \u00a0 \u00a0 \u00a01<\/p>\n<p>Cat\u00e9gorie :\u00a0 \u00a0 \u00a0 \u00a0 \u00a0 \u00a0 \u00a0 \u00a0 \u00a0 \u00a0 Fauteuils roulants motoris\u00e9s<\/p>\n<p>Dimensions :\u00a0 \u00a0 \u00a0 \u00a0 \u00a0 \u00a0 \u00a0 \u00a0 \u00a0 \u00a02230 x 990 x 1490 mm<\/p>\n<p>Permis de conduire :\u00a0 \u00a0 \u00a0Sans<\/p>\n<p>Plaque :\u00a0 \u00a0 \u00a0 \u00a0 \u00a0 \u00a0 \u00a0 \u00a0 \u00a0 \u00a0 \u00a0 \u00a0 \u00a0Jaune, cyclomoteur<\/p>\n<p>Condition: New<\/p>\n<p>Warranty: 2 years (one year on the battery)<\/p>\n<p>Equipement :\u00a0 \u00a0 \u00a0 \u00a0 \u00a0 \u00a0 \u00a0 \u00a0 \u00a0Ecran TFT Bluetooth, chauffage, ventilation, toit ouvrant, vitre \u00e9lectrique, verrouillage centralis\u00e9, espace \u00e0 l&#8217;arri\u00e8re pour plusieurs sacs<\/p>\n<p>&nbsp;<\/p>\n<p>Approved on Swiss roads<\/p>","protected":false},"excerpt":{"rendered":"<p>D\u00e9couvrez la Mini Eco, voiture \u00e9lectrique compacte id\u00e9ale pour la mobilit\u00e9 senior.<\/p>\n<p>Confortable, prot\u00e9g\u00e9e de la pluie et facile \u00e0 conduire sans permis.<\/p>\n<p>Disponible chez Stelfia \u00e0 Renens.<\/p>\n<p><img decoding=\"async\" class=\"wp-image-12079\" src=\"https:\/\/stelfia.com\/wp-content\/uploads\/2025\/04\/Logo-succursale-Renens-400x134.jpg\" alt=\"Succursale E-Motors Schweiz \u00e0 Renens \u2013 scooters et v\u00e9hicules \u00e9lectriques chez Stelfia\" width=\"266\" height=\"89\" srcset=\"https:\/\/stelfia.com\/wp-content\/uploads\/2025\/04\/Logo-succursale-Renens-400x134.jpg 400w, https:\/\/stelfia.com\/wp-content\/uploads\/2025\/04\/Logo-succursale-Renens-1300x434.jpg 1300w, https:\/\/stelfia.com\/wp-content\/uploads\/2025\/04\/Logo-succursale-Renens-768x257.jpg 768w, https:\/\/stelfia.com\/wp-content\/uploads\/2025\/04\/Logo-succursale-Renens-1536x513.jpg 1536w, https:\/\/stelfia.com\/wp-content\/uploads\/2025\/04\/Logo-succursale-Renens-18x6.jpg 18w, https:\/\/stelfia.com\/wp-content\/uploads\/2025\/04\/Logo-succursale-Renens-430x144.jpg 430w, https:\/\/stelfia.com\/wp-content\/uploads\/2025\/04\/Logo-succursale-Renens-700x234.jpg 700w, https:\/\/stelfia.com\/wp-content\/uploads\/2025\/04\/Logo-succursale-Renens-150x50.jpg 150w, https:\/\/stelfia.com\/wp-content\/uploads\/2025\/04\/Logo-succursale-Renens.jpg 1610w\" sizes=\"(max-width: 266px) 100vw, 266px\" \/><\/p>","protected":false},"featured_media":12341,"template":"","meta":{"_uf_show_specific_survey":0,"_uf_disable_surveys":false},"product_brand":[],"product_cat":[457],"product_tag":[568,565,573,569,476,125,443,566,571,567,572,570],"permis--de-conduire":[470],"vitesse":[464],"brands":[],"accessoires":[],"pieces-detachees":[],"trottinette-electrique":[],"velo":[],"class_list":{"0":"post-11757","1":"product","2":"type-product","3":"status-publish","4":"has-post-thumbnail","6":"product_cat-mobilite-seniors","7":"product_tag-mini-voiture-electrique","8":"product_tag-mobilite-senior","9":"product_tag-mobilite-senior-electrique","10":"product_tag-mobilite-senior-suisse","11":"product_tag-mobilite-urbaine","12":"product_tag-renens","13":"product_tag-stelfia","14":"product_tag-voiture-electrique","15":"product_tag-voiture-electrique-senior-suisse","16":"product_tag-voiture-sans-permis","17":"product_tag-voiture-sans-permis-senior","18":"product_tag-voiture-senior","19":"permis--de-conduire-scooters-sans-permis","20":"vitesse-25-km-h-sans-plaque","21":"tm-has-options","23":"first","24":"instock","25":"taxable","26":"shipping-taxable","27":"purchasable","28":"product-type-simple"},"yoast_head":"<!-- This site is optimized with the Yoast SEO plugin v25.8 - https:\/\/yoast.com\/wordpress\/plugins\/seo\/ -->\n<title>Mini Eco \u2013 Voiture \u00e9lectrique sans permis pour seniors | Stelfia<\/title>\n<meta name=\"description\" content=\"Mini Eco \u2013 voiture \u00e9lectrique sans permis pour seniors en Suisse. Confortable, prot\u00e9g\u00e9e de la pluie et facile \u00e0 conduire. Disponible chez Stelfia \u00e0 Renens.\" \/>\n<meta name=\"robots\" content=\"index, follow, max-snippet:-1, max-image-preview:large, max-video-preview:-1\" \/>\n<link rel=\"canonical\" href=\"https:\/\/stelfia.com\/en\/shop\/vehicules\/mobilite-seniors\/mini-eco-voiture-electrique-senior\/\" \/>\n<meta property=\"og:locale\" content=\"en_US\" \/>\n<meta property=\"og:type\" content=\"article\" \/>\n<meta property=\"og:title\" content=\"Mini Eco \u2013 Voiture \u00e9lectrique sans permis pour seniors | Stelfia\" \/>\n<meta property=\"og:description\" content=\"Mini Eco \u2013 voiture \u00e9lectrique sans permis pour seniors en Suisse. Confortable, prot\u00e9g\u00e9e de la pluie et facile \u00e0 conduire. Disponible chez Stelfia \u00e0 Renens.\" \/>\n<meta property=\"og:url\" content=\"https:\/\/stelfia.com\/en\/shop\/vehicules\/mobilite-seniors\/mini-eco-voiture-electrique-senior\/\" \/>\n<meta property=\"og:site_name\" content=\"Trottinette \u00e9lectrique\" \/>\n<meta property=\"article:modified_time\" content=\"2026-03-25T17:02:06+00:00\" \/>\n<meta property=\"og:image\" content=\"https:\/\/stelfia.com\/wp-content\/uploads\/2025\/04\/001.1-1.jpg\" \/>\n\t<meta property=\"og:image:width\" content=\"824\" \/>\n\t<meta property=\"og:image:height\" content=\"822\" \/>\n\t<meta property=\"og:image:type\" content=\"image\/jpeg\" \/>\n<meta name=\"twitter:card\" content=\"summary_large_image\" \/>\n<meta name=\"twitter:label1\" content=\"Est. reading time\" \/>\n\t<meta name=\"twitter:data1\" content=\"2 minutes\" \/>\n<script type=\"application\/ld+json\" class=\"yoast-schema-graph\">{\"@context\":\"https:\/\/schema.org\",\"@graph\":[{\"@type\":\"WebPage\",\"@id\":\"https:\/\/stelfia.com\/shop\/vehicules\/mobilite-seniors\/mini-eco-voiture-electrique-senior\/\",\"url\":\"https:\/\/stelfia.com\/shop\/vehicules\/mobilite-seniors\/mini-eco-voiture-electrique-senior\/\",\"name\":\"Mini Eco \u2013 Voiture \u00e9lectrique sans permis pour seniors | Stelfia\",\"isPartOf\":{\"@id\":\"https:\/\/stelfia.com\/#website\"},\"primaryImageOfPage\":{\"@id\":\"https:\/\/stelfia.com\/shop\/vehicules\/mobilite-seniors\/mini-eco-voiture-electrique-senior\/#primaryimage\"},\"image\":{\"@id\":\"https:\/\/stelfia.com\/shop\/vehicules\/mobilite-seniors\/mini-eco-voiture-electrique-senior\/#primaryimage\"},\"thumbnailUrl\":\"https:\/\/stelfia.com\/wp-content\/uploads\/2025\/04\/001.1-1.jpg\",\"datePublished\":\"2025-04-25T14:07:35+00:00\",\"dateModified\":\"2026-03-25T17:02:06+00:00\",\"description\":\"Mini Eco \u2013 voiture \u00e9lectrique sans permis pour seniors en Suisse. Confortable, prot\u00e9g\u00e9e de la pluie et facile \u00e0 conduire. Disponible chez Stelfia \u00e0 Renens.\",\"breadcrumb\":{\"@id\":\"https:\/\/stelfia.com\/shop\/vehicules\/mobilite-seniors\/mini-eco-voiture-electrique-senior\/#breadcrumb\"},\"inLanguage\":\"en-US\",\"potentialAction\":[{\"@type\":\"ReadAction\",\"target\":[\"https:\/\/stelfia.com\/shop\/vehicules\/mobilite-seniors\/mini-eco-voiture-electrique-senior\/\"]}]},{\"@type\":\"ImageObject\",\"inLanguage\":\"en-US\",\"@id\":\"https:\/\/stelfia.com\/shop\/vehicules\/mobilite-seniors\/mini-eco-voiture-electrique-senior\/#primaryimage\",\"url\":\"https:\/\/stelfia.com\/wp-content\/uploads\/2025\/04\/001.1-1.jpg\",\"contentUrl\":\"https:\/\/stelfia.com\/wp-content\/uploads\/2025\/04\/001.1-1.jpg\",\"width\":824,\"height\":822,\"caption\":\"Voiture \u00e9lectrique Mini Eco pour mobilit\u00e9 senior\"},{\"@type\":\"BreadcrumbList\",\"@id\":\"https:\/\/stelfia.com\/shop\/vehicules\/mobilite-seniors\/mini-eco-voiture-electrique-senior\/#breadcrumb\",\"itemListElement\":[{\"@type\":\"ListItem\",\"position\":1,\"name\":\"Accueil\",\"item\":\"https:\/\/stelfia.com\/\"},{\"@type\":\"ListItem\",\"position\":2,\"name\":\"Shop\",\"item\":\"https:\/\/stelfia.com\/shop\/\"},{\"@type\":\"ListItem\",\"position\":3,\"name\":\"Eco Mini\"}]},{\"@type\":\"WebSite\",\"@id\":\"https:\/\/stelfia.com\/#website\",\"url\":\"https:\/\/stelfia.com\/\",\"name\":\"Trottinette \u00e9lectrique\",\"description\":\"Trottinette \u00e9lectrique en Suisse romande\",\"publisher\":{\"@id\":\"https:\/\/stelfia.com\/#organization\"},\"potentialAction\":[{\"@type\":\"SearchAction\",\"target\":{\"@type\":\"EntryPoint\",\"urlTemplate\":\"https:\/\/stelfia.com\/?s={search_term_string}\"},\"query-input\":{\"@type\":\"PropertyValueSpecification\",\"valueRequired\":true,\"valueName\":\"search_term_string\"}}],\"inLanguage\":\"en-US\"},{\"@type\":\"Organization\",\"@id\":\"https:\/\/stelfia.com\/#organization\",\"name\":\"Trottinette \u00e9lectrique lausanne\",\"url\":\"https:\/\/stelfia.com\/\",\"logo\":{\"@type\":\"ImageObject\",\"inLanguage\":\"en-US\",\"@id\":\"https:\/\/stelfia.com\/#\/schema\/logo\/image\/\",\"url\":\"https:\/\/stelfia.com\/wp-content\/uploads\/2023\/02\/logonew-removebg-preview.png\",\"contentUrl\":\"https:\/\/stelfia.com\/wp-content\/uploads\/2023\/02\/logonew-removebg-preview.png\",\"width\":238,\"height\":100,\"caption\":\"Trottinette \u00e9lectrique lausanne\"},\"image\":{\"@id\":\"https:\/\/stelfia.com\/#\/schema\/logo\/image\/\"}}]}<\/script>\n<!-- \/ Yoast SEO plugin. -->","yoast_head_json":{"title":"Mini Eco \u2013 Voiture \u00e9lectrique sans permis pour seniors | Stelfia","description":"Mini Eco \u2013 voiture \u00e9lectrique sans permis pour seniors en Suisse. Confortable, prot\u00e9g\u00e9e de la pluie et facile \u00e0 conduire. Disponible chez Stelfia \u00e0 Renens.","robots":{"index":"index","follow":"follow","max-snippet":"max-snippet:-1","max-image-preview":"max-image-preview:large","max-video-preview":"max-video-preview:-1"},"canonical":"https:\/\/stelfia.com\/en\/shop\/vehicules\/mobilite-seniors\/mini-eco-voiture-electrique-senior\/","og_locale":"en_US","og_type":"article","og_title":"Mini Eco \u2013 Voiture \u00e9lectrique sans permis pour seniors | Stelfia","og_description":"Mini Eco \u2013 voiture \u00e9lectrique sans permis pour seniors en Suisse. Confortable, prot\u00e9g\u00e9e de la pluie et facile \u00e0 conduire. Disponible chez Stelfia \u00e0 Renens.","og_url":"https:\/\/stelfia.com\/en\/shop\/vehicules\/mobilite-seniors\/mini-eco-voiture-electrique-senior\/","og_site_name":"Trottinette \u00e9lectrique","article_modified_time":"2026-03-25T17:02:06+00:00","og_image":[{"width":824,"height":822,"url":"https:\/\/stelfia.com\/wp-content\/uploads\/2025\/04\/001.1-1.jpg","type":"image\/jpeg"}],"twitter_card":"summary_large_image","twitter_misc":{"Est. reading time":"2 minutes"},"schema":{"@context":"https:\/\/schema.org","@graph":[{"@type":"WebPage","@id":"https:\/\/stelfia.com\/shop\/vehicules\/mobilite-seniors\/mini-eco-voiture-electrique-senior\/","url":"https:\/\/stelfia.com\/shop\/vehicules\/mobilite-seniors\/mini-eco-voiture-electrique-senior\/","name":"Mini Eco \u2013 Voiture \u00e9lectrique sans permis pour seniors | Stelfia","isPartOf":{"@id":"https:\/\/stelfia.com\/#website"},"primaryImageOfPage":{"@id":"https:\/\/stelfia.com\/shop\/vehicules\/mobilite-seniors\/mini-eco-voiture-electrique-senior\/#primaryimage"},"image":{"@id":"https:\/\/stelfia.com\/shop\/vehicules\/mobilite-seniors\/mini-eco-voiture-electrique-senior\/#primaryimage"},"thumbnailUrl":"https:\/\/stelfia.com\/wp-content\/uploads\/2025\/04\/001.1-1.jpg","datePublished":"2025-04-25T14:07:35+00:00","dateModified":"2026-03-25T17:02:06+00:00","description":"Mini Eco \u2013 voiture \u00e9lectrique sans permis pour seniors en Suisse. Confortable, prot\u00e9g\u00e9e de la pluie et facile \u00e0 conduire. Disponible chez Stelfia \u00e0 Renens.","breadcrumb":{"@id":"https:\/\/stelfia.com\/shop\/vehicules\/mobilite-seniors\/mini-eco-voiture-electrique-senior\/#breadcrumb"},"inLanguage":"en-US","potentialAction":[{"@type":"ReadAction","target":["https:\/\/stelfia.com\/shop\/vehicules\/mobilite-seniors\/mini-eco-voiture-electrique-senior\/"]}]},{"@type":"ImageObject","inLanguage":"en-US","@id":"https:\/\/stelfia.com\/shop\/vehicules\/mobilite-seniors\/mini-eco-voiture-electrique-senior\/#primaryimage","url":"https:\/\/stelfia.com\/wp-content\/uploads\/2025\/04\/001.1-1.jpg","contentUrl":"https:\/\/stelfia.com\/wp-content\/uploads\/2025\/04\/001.1-1.jpg","width":824,"height":822,"caption":"Voiture \u00e9lectrique Mini Eco pour mobilit\u00e9 senior"},{"@type":"BreadcrumbList","@id":"https:\/\/stelfia.com\/shop\/vehicules\/mobilite-seniors\/mini-eco-voiture-electrique-senior\/#breadcrumb","itemListElement":[{"@type":"ListItem","position":1,"name":"Accueil","item":"https:\/\/stelfia.com\/"},{"@type":"ListItem","position":2,"name":"Shop","item":"https:\/\/stelfia.com\/shop\/"},{"@type":"ListItem","position":3,"name":"Eco Mini"}]},{"@type":"WebSite","@id":"https:\/\/stelfia.com\/#website","url":"https:\/\/stelfia.com\/","name":"Electric scooter","description":"Electric scooter in French-speaking Switzerland","publisher":{"@id":"https:\/\/stelfia.com\/#organization"},"potentialAction":[{"@type":"SearchAction","target":{"@type":"EntryPoint","urlTemplate":"https:\/\/stelfia.com\/?s={search_term_string}"},"query-input":{"@type":"PropertyValueSpecification","valueRequired":true,"valueName":"search_term_string"}}],"inLanguage":"en-US"},{"@type":"Organization","@id":"https:\/\/stelfia.com\/#organization","name":"Trottinette \u00e9lectrique lausanne","url":"https:\/\/stelfia.com\/","logo":{"@type":"ImageObject","inLanguage":"en-US","@id":"https:\/\/stelfia.com\/#\/schema\/logo\/image\/","url":"https:\/\/stelfia.com\/wp-content\/uploads\/2023\/02\/logonew-removebg-preview.png","contentUrl":"https:\/\/stelfia.com\/wp-content\/uploads\/2023\/02\/logonew-removebg-preview.png","width":238,"height":100,"caption":"Trottinette \u00e9lectrique lausanne"},"image":{"@id":"https:\/\/stelfia.com\/#\/schema\/logo\/image\/"}}]}},"_links":{"self":[{"href":"https:\/\/stelfia.com\/en\/wp-json\/wp\/v2\/product\/11757","targetHints":{"allow":["GET"]}}],"collection":[{"href":"https:\/\/stelfia.com\/en\/wp-json\/wp\/v2\/product"}],"about":[{"href":"https:\/\/stelfia.com\/en\/wp-json\/wp\/v2\/types\/product"}],"version-history":[{"count":0,"href":"https:\/\/stelfia.com\/en\/wp-json\/wp\/v2\/product\/11757\/revisions"}],"wp:featuredmedia":[{"embeddable":true,"href":"https:\/\/stelfia.com\/en\/wp-json\/wp\/v2\/media\/12341"}],"wp:attachment":[{"href":"https:\/\/stelfia.com\/en\/wp-json\/wp\/v2\/media?parent=11757"}],"wp:term":[{"taxonomy":"product_brand","embeddable":true,"href":"https:\/\/stelfia.com\/en\/wp-json\/wp\/v2\/product_brand?post=11757"},{"taxonomy":"product_cat","embeddable":true,"href":"https:\/\/stelfia.com\/en\/wp-json\/wp\/v2\/product_cat?post=11757"},{"taxonomy":"product_tag","embeddable":true,"href":"https:\/\/stelfia.com\/en\/wp-json\/wp\/v2\/product_tag?post=11757"},{"taxonomy":"permis--de-conduire","embeddable":true,"href":"https:\/\/stelfia.com\/en\/wp-json\/wp\/v2\/permis--de-conduire?post=11757"},{"taxonomy":"vitesse","embeddable":true,"href":"https:\/\/stelfia.com\/en\/wp-json\/wp\/v2\/vitesse?post=11757"},{"taxonomy":"brands","embeddable":true,"href":"https:\/\/stelfia.com\/en\/wp-json\/wp\/v2\/brands?post=11757"},{"taxonomy":"accessoires","embeddable":true,"href":"https:\/\/stelfia.com\/en\/wp-json\/wp\/v2\/accessoires?post=11757"},{"taxonomy":"pieces-detachees","embeddable":true,"href":"https:\/\/stelfia.com\/en\/wp-json\/wp\/v2\/pieces-detachees?post=11757"},{"taxonomy":"trottinette-electrique","embeddable":true,"href":"https:\/\/stelfia.com\/en\/wp-json\/wp\/v2\/trottinette-electrique?post=11757"},{"taxonomy":"velo","embeddable":true,"href":"https:\/\/stelfia.com\/en\/wp-json\/wp\/v2\/velo?post=11757"}],"curies":[{"name":"wp","href":"https:\/\/api.w.org\/{rel}","templated":true}]}}