{"id":12359,"date":"2026-03-09T18:10:56","date_gmt":"2026-03-09T18:10:56","guid":{"rendered":"https:\/\/stelfia.com\/?post_type=product&#038;p=12359"},"modified":"2026-04-29T15:20:51","modified_gmt":"2026-04-29T15:20:51","slug":"arosa-lev-voiture-electrique-45kmh","status":"publish","type":"product","link":"https:\/\/stelfia.com\/de\/shop\/vehicules\/mobilite-seniors\/arosa-lev-voiture-electrique-45kmh\/","title":{"rendered":"Arosa LEV"},"content":{"rendered":"<p data-start=\"231\" data-end=\"472\">La Arosa LEV est une petite voiture \u00e9lectrique compacte id\u00e9ale pour la mobilit\u00e9 quotidienne. Gr\u00e2ce \u00e0 sa cabine ferm\u00e9e et confortable, elle permet de se d\u00e9placer \u00e0 l\u2019abri de la pluie tout en conservant une excellente maniabilit\u00e9 en ville.<\/p>\n<p data-start=\"474\" data-end=\"699\">Contrairement \u00e0 certains mod\u00e8les de mobilit\u00e9 senior, l\u2019Arosa LEV propose deux places c\u00f4te \u00e0 c\u00f4te, permettant de voyager \u00e0 deux confortablement. Homologu\u00e9e 45 km\/h, elle se conduit avec un permis scooter (cat\u00e9gorie A1).<\/p>\n<p>Batterie :\u00a0 \u00a0 \u00a0 \u00a0 \u00a0 \u00a0 \u00a0 \u00a0 \u00a0 \u00a0 \u00a0 \u00a0 Lithium 72V, 100Ah<\/p>\n<p>Motor: B\u00fcrstenlos 4000 W<\/p>\n<p>H\u00f6chstgeschwindigkeit: 45 km\/h<\/p>\n<p>Autonomie :\u00a0 \u00a0 \u00a0 \u00a0 \u00a0 \u00a0 \u00a0 \u00a0 \u00a0100 &#8211; 140 km<\/p>\n<p>Roues :<\/p>\n<p>Bremse: Scheiben vorn und hinten (hydraulisch)<\/p>\n<p>Ladezeit: Ca. 6 \u2013 8 Uhr<\/p>\n<p>Ladebuchse: Standard 230V<\/p>\n<p>Poids :\u00a0 \u00a0 \u00a0 \u00a0 \u00a0 \u00a0 \u00a0 \u00a0 \u00a0 \u00a0 \u00a0 \u00a0 \u00a0 \u00a0 350 kg<\/p>\n<p>Charge max :\u00a0 \u00a0 \u00a0 \u00a0 \u00a0 \u00a0 \u00a0 \u00a0200 kg<\/p>\n<p>Etanch\u00e9it\u00e9 :\u00a0 \u00a0 \u00a0 \u00a0 \u00a0 \u00a0 \u00a0 \u00a0 \u00a0 \u00a0Oui<\/p>\n<p>Couleur :\u00a0\u00a0\u00a0\u00a0\u00a0\u00a0\u00a0\u00a0\u00a0\u00a0\u00a0\u00a0\u00a0\u00a0\u00a0\u00a0\u00a0\u00a0\u00a0\u00a0\u00a0\u00a0\u00a0 Noir, bleu, rouge<\/p>\n<p>Nombre de place :\u00a0 \u00a0 \u00a0 \u00a02<\/p>\n<p>Cat\u00e9gorie :\u00a0 \u00a0 \u00a0 \u00a0 \u00a0 \u00a0 \u00a0 \u00a0 \u00a0 \u00a0 Sous-cat\u00e9gorie A1 (45 km\/h)<\/p>\n<p>Dimensions :\u00a0 \u00a0 \u00a0 \u00a0 \u00a0 \u00a0 \u00a0 \u00a0 \u00a0 \u00a02400 x 1290 x 1630 mm<\/p>\n<p>Permis de conduire :\u00a0 \u00a0 A1 (45 km\/h) ou B<\/p>\n<p>Plaque :\u00a0 \u00a0 \u00a0 \u00a0 \u00a0 \u00a0 \u00a0 \u00a0 \u00a0 \u00a0 \u00a0 \u00a0 \u00a0Jaune, scooter<\/p>\n<p>Zustand: Neu<\/p>\n<p>Garantie: 2 Jahre (ein Jahr auf die Batterie)<\/p>\n<p>Equipement :\u00a0 \u00a0 \u00a0 \u00a0 \u00a0 \u00a0 \u00a0 \u00a0 Ecran TFT Bluetooth, chauffage, ventilation, vitre \u00e9lectrique, verrouillage centralis\u00e9, espace \u00e0 l&#8217;arri\u00e8re pour plusieurs sacs<\/p>\n<p>&nbsp;<\/p>\n<p>Zugelassen f\u00fcr Schweizer Strassen<\/p>","protected":false},"excerpt":{"rendered":"<p>D\u00e9couvrez la Arosa LEV, voiture \u00e9lectrique compacte 2 places homologu\u00e9e 45 km\/h.<\/p>\n<p>Confortable, prot\u00e9g\u00e9e des intemp\u00e9ries et id\u00e9ale pour les d\u00e9placements urbains.<\/p>\n<p>Disponible chez Stelfia \u00e0 Renens.<\/p>\n<p><img decoding=\"async\" class=\"wp-image-12079\" src=\"https:\/\/stelfia.com\/wp-content\/uploads\/2025\/04\/Logo-succursale-Renens-400x134.jpg\" alt=\"Succursale E-Motors Schweiz \u00e0 Renens \u2013 scooters et v\u00e9hicules \u00e9lectriques chez Stelfia\" width=\"266\" height=\"89\" srcset=\"https:\/\/stelfia.com\/wp-content\/uploads\/2025\/04\/Logo-succursale-Renens-400x134.jpg 400w, https:\/\/stelfia.com\/wp-content\/uploads\/2025\/04\/Logo-succursale-Renens-1300x434.jpg 1300w, https:\/\/stelfia.com\/wp-content\/uploads\/2025\/04\/Logo-succursale-Renens-768x257.jpg 768w, https:\/\/stelfia.com\/wp-content\/uploads\/2025\/04\/Logo-succursale-Renens-1536x513.jpg 1536w, https:\/\/stelfia.com\/wp-content\/uploads\/2025\/04\/Logo-succursale-Renens-18x6.jpg 18w, https:\/\/stelfia.com\/wp-content\/uploads\/2025\/04\/Logo-succursale-Renens-430x144.jpg 430w, https:\/\/stelfia.com\/wp-content\/uploads\/2025\/04\/Logo-succursale-Renens-700x234.jpg 700w, https:\/\/stelfia.com\/wp-content\/uploads\/2025\/04\/Logo-succursale-Renens-150x50.jpg 150w, https:\/\/stelfia.com\/wp-content\/uploads\/2025\/04\/Logo-succursale-Renens.jpg 1610w\" sizes=\"(max-width: 266px) 100vw, 266px\" \/><\/p>","protected":false},"featured_media":12360,"template":"","meta":{"_uf_show_specific_survey":0,"_uf_disable_surveys":false},"product_brand":[],"product_cat":[457],"product_tag":[565,476,125,443,574,566,576,575,577],"permis--de-conduire":[469],"vitesse":[465],"brands":[],"accessoires":[],"pieces-detachees":[],"trottinette-electrique":[],"velo":[],"class_list":{"0":"post-12359","1":"product","2":"type-product","3":"status-publish","4":"has-post-thumbnail","6":"product_cat-mobilite-seniors","7":"product_tag-mobilite-senior","8":"product_tag-mobilite-urbaine","9":"product_tag-renens","10":"product_tag-stelfia","11":"product_tag-voiture-avec-permis","12":"product_tag-voiture-electrique","13":"product_tag-voiture-electrique-2-places","14":"product_tag-voiture-electrique-45-kmh","15":"product_tag-voiture-electrique-suisse","16":"permis--de-conduire-scooters-avec-permis","17":"vitesse-45-km-h-plaque-jaune","18":"tm-has-options","20":"first","21":"instock","22":"sale","23":"taxable","24":"shipping-taxable","25":"purchasable","26":"product-type-simple"},"yoast_head":"<!-- This site is optimized with the Yoast SEO plugin v25.8 - https:\/\/yoast.com\/wordpress\/plugins\/seo\/ -->\n<title>Arosa LEV \u2013 Voiture \u00e9lectrique 2 places 45 km\/h | Stelfia<\/title>\n<meta name=\"description\" content=\"D\u00e9couvrez la Arosa LEV, voiture \u00e9lectrique compacte 2 places homologu\u00e9e 45 km\/h. Confortable, prot\u00e9g\u00e9e des intemp\u00e9ries et id\u00e9ale pour les d\u00e9placements urbains. Disponible chez Stelfia \u00e0 Renens.\" \/>\n<meta name=\"robots\" content=\"index, follow, max-snippet:-1, max-image-preview:large, max-video-preview:-1\" \/>\n<link rel=\"canonical\" href=\"https:\/\/stelfia.com\/de\/shop\/vehicules\/mobilite-seniors\/arosa-lev-voiture-electrique-45kmh\/\" \/>\n<meta property=\"og:locale\" content=\"de_DE\" \/>\n<meta property=\"og:type\" content=\"article\" \/>\n<meta property=\"og:title\" content=\"Arosa LEV \u2013 Voiture \u00e9lectrique 2 places 45 km\/h | Stelfia\" \/>\n<meta property=\"og:description\" content=\"D\u00e9couvrez la Arosa LEV, voiture \u00e9lectrique compacte 2 places homologu\u00e9e 45 km\/h. Confortable, prot\u00e9g\u00e9e des intemp\u00e9ries et id\u00e9ale pour les d\u00e9placements urbains. Disponible chez Stelfia \u00e0 Renens.\" \/>\n<meta property=\"og:url\" content=\"https:\/\/stelfia.com\/de\/shop\/vehicules\/mobilite-seniors\/arosa-lev-voiture-electrique-45kmh\/\" \/>\n<meta property=\"og:site_name\" content=\"Trottinette \u00e9lectrique\" \/>\n<meta property=\"article:modified_time\" content=\"2026-04-29T15:20:51+00:00\" \/>\n<meta property=\"og:image\" content=\"https:\/\/stelfia.com\/wp-content\/uploads\/2026\/03\/001.1.jpg\" \/>\n\t<meta property=\"og:image:width\" content=\"826\" \/>\n\t<meta property=\"og:image:height\" content=\"824\" \/>\n\t<meta property=\"og:image:type\" content=\"image\/jpeg\" \/>\n<meta name=\"twitter:card\" content=\"summary_large_image\" \/>\n<meta name=\"twitter:label1\" content=\"Gesch\u00e4tzte Lesezeit\" \/>\n\t<meta name=\"twitter:data1\" content=\"2\u00a0Minuten\" \/>\n<script type=\"application\/ld+json\" class=\"yoast-schema-graph\">{\"@context\":\"https:\/\/schema.org\",\"@graph\":[{\"@type\":\"WebPage\",\"@id\":\"https:\/\/stelfia.com\/shop\/vehicules\/mobilite-seniors\/arosa-lev-voiture-electrique-45kmh\/\",\"url\":\"https:\/\/stelfia.com\/shop\/vehicules\/mobilite-seniors\/arosa-lev-voiture-electrique-45kmh\/\",\"name\":\"Arosa LEV \u2013 Voiture \u00e9lectrique 2 places 45 km\/h | Stelfia\",\"isPartOf\":{\"@id\":\"https:\/\/stelfia.com\/#website\"},\"primaryImageOfPage\":{\"@id\":\"https:\/\/stelfia.com\/shop\/vehicules\/mobilite-seniors\/arosa-lev-voiture-electrique-45kmh\/#primaryimage\"},\"image\":{\"@id\":\"https:\/\/stelfia.com\/shop\/vehicules\/mobilite-seniors\/arosa-lev-voiture-electrique-45kmh\/#primaryimage\"},\"thumbnailUrl\":\"https:\/\/stelfia.com\/wp-content\/uploads\/2026\/03\/001.1.jpg\",\"datePublished\":\"2026-03-09T18:10:56+00:00\",\"dateModified\":\"2026-04-29T15:20:51+00:00\",\"description\":\"D\u00e9couvrez la Arosa LEV, voiture \u00e9lectrique compacte 2 places homologu\u00e9e 45 km\/h. Confortable, prot\u00e9g\u00e9e des intemp\u00e9ries et id\u00e9ale pour les d\u00e9placements urbains. Disponible chez Stelfia \u00e0 Renens.\",\"breadcrumb\":{\"@id\":\"https:\/\/stelfia.com\/shop\/vehicules\/mobilite-seniors\/arosa-lev-voiture-electrique-45kmh\/#breadcrumb\"},\"inLanguage\":\"de\",\"potentialAction\":[{\"@type\":\"ReadAction\",\"target\":[\"https:\/\/stelfia.com\/shop\/vehicules\/mobilite-seniors\/arosa-lev-voiture-electrique-45kmh\/\"]}]},{\"@type\":\"ImageObject\",\"inLanguage\":\"de\",\"@id\":\"https:\/\/stelfia.com\/shop\/vehicules\/mobilite-seniors\/arosa-lev-voiture-electrique-45kmh\/#primaryimage\",\"url\":\"https:\/\/stelfia.com\/wp-content\/uploads\/2026\/03\/001.1.jpg\",\"contentUrl\":\"https:\/\/stelfia.com\/wp-content\/uploads\/2026\/03\/001.1.jpg\",\"width\":826,\"height\":824,\"caption\":\"Arosa LEV mobilit\u00e9 \u00e9lectrique\"},{\"@type\":\"BreadcrumbList\",\"@id\":\"https:\/\/stelfia.com\/shop\/vehicules\/mobilite-seniors\/arosa-lev-voiture-electrique-45kmh\/#breadcrumb\",\"itemListElement\":[{\"@type\":\"ListItem\",\"position\":1,\"name\":\"Accueil\",\"item\":\"https:\/\/stelfia.com\/\"},{\"@type\":\"ListItem\",\"position\":2,\"name\":\"Shop\",\"item\":\"https:\/\/stelfia.com\/shop\/\"},{\"@type\":\"ListItem\",\"position\":3,\"name\":\"Arosa LEV\"}]},{\"@type\":\"WebSite\",\"@id\":\"https:\/\/stelfia.com\/#website\",\"url\":\"https:\/\/stelfia.com\/\",\"name\":\"Trottinette \u00e9lectrique\",\"description\":\"Trottinette \u00e9lectrique en Suisse romande\",\"publisher\":{\"@id\":\"https:\/\/stelfia.com\/#organization\"},\"potentialAction\":[{\"@type\":\"SearchAction\",\"target\":{\"@type\":\"EntryPoint\",\"urlTemplate\":\"https:\/\/stelfia.com\/?s={search_term_string}\"},\"query-input\":{\"@type\":\"PropertyValueSpecification\",\"valueRequired\":true,\"valueName\":\"search_term_string\"}}],\"inLanguage\":\"de\"},{\"@type\":\"Organization\",\"@id\":\"https:\/\/stelfia.com\/#organization\",\"name\":\"Trottinette \u00e9lectrique lausanne\",\"url\":\"https:\/\/stelfia.com\/\",\"logo\":{\"@type\":\"ImageObject\",\"inLanguage\":\"de\",\"@id\":\"https:\/\/stelfia.com\/#\/schema\/logo\/image\/\",\"url\":\"https:\/\/stelfia.com\/wp-content\/uploads\/2023\/02\/logonew-removebg-preview.png\",\"contentUrl\":\"https:\/\/stelfia.com\/wp-content\/uploads\/2023\/02\/logonew-removebg-preview.png\",\"width\":238,\"height\":100,\"caption\":\"Trottinette \u00e9lectrique lausanne\"},\"image\":{\"@id\":\"https:\/\/stelfia.com\/#\/schema\/logo\/image\/\"}}]}<\/script>\n<!-- \/ Yoast SEO plugin. -->","yoast_head_json":{"title":"Arosa LEV \u2013 Voiture \u00e9lectrique 2 places 45 km\/h | Stelfia","description":"D\u00e9couvrez la Arosa LEV, voiture \u00e9lectrique compacte 2 places homologu\u00e9e 45 km\/h. Confortable, prot\u00e9g\u00e9e des intemp\u00e9ries et id\u00e9ale pour les d\u00e9placements urbains. Disponible chez Stelfia \u00e0 Renens.","robots":{"index":"index","follow":"follow","max-snippet":"max-snippet:-1","max-image-preview":"max-image-preview:large","max-video-preview":"max-video-preview:-1"},"canonical":"https:\/\/stelfia.com\/de\/shop\/vehicules\/mobilite-seniors\/arosa-lev-voiture-electrique-45kmh\/","og_locale":"de_DE","og_type":"article","og_title":"Arosa LEV \u2013 Voiture \u00e9lectrique 2 places 45 km\/h | Stelfia","og_description":"D\u00e9couvrez la Arosa LEV, voiture \u00e9lectrique compacte 2 places homologu\u00e9e 45 km\/h. Confortable, prot\u00e9g\u00e9e des intemp\u00e9ries et id\u00e9ale pour les d\u00e9placements urbains. Disponible chez Stelfia \u00e0 Renens.","og_url":"https:\/\/stelfia.com\/de\/shop\/vehicules\/mobilite-seniors\/arosa-lev-voiture-electrique-45kmh\/","og_site_name":"Trottinette \u00e9lectrique","article_modified_time":"2026-04-29T15:20:51+00:00","og_image":[{"width":826,"height":824,"url":"https:\/\/stelfia.com\/wp-content\/uploads\/2026\/03\/001.1.jpg","type":"image\/jpeg"}],"twitter_card":"summary_large_image","twitter_misc":{"Gesch\u00e4tzte Lesezeit":"2\u00a0Minuten"},"schema":{"@context":"https:\/\/schema.org","@graph":[{"@type":"WebPage","@id":"https:\/\/stelfia.com\/shop\/vehicules\/mobilite-seniors\/arosa-lev-voiture-electrique-45kmh\/","url":"https:\/\/stelfia.com\/shop\/vehicules\/mobilite-seniors\/arosa-lev-voiture-electrique-45kmh\/","name":"Arosa LEV \u2013 Voiture \u00e9lectrique 2 places 45 km\/h | Stelfia","isPartOf":{"@id":"https:\/\/stelfia.com\/#website"},"primaryImageOfPage":{"@id":"https:\/\/stelfia.com\/shop\/vehicules\/mobilite-seniors\/arosa-lev-voiture-electrique-45kmh\/#primaryimage"},"image":{"@id":"https:\/\/stelfia.com\/shop\/vehicules\/mobilite-seniors\/arosa-lev-voiture-electrique-45kmh\/#primaryimage"},"thumbnailUrl":"https:\/\/stelfia.com\/wp-content\/uploads\/2026\/03\/001.1.jpg","datePublished":"2026-03-09T18:10:56+00:00","dateModified":"2026-04-29T15:20:51+00:00","description":"D\u00e9couvrez la Arosa LEV, voiture \u00e9lectrique compacte 2 places homologu\u00e9e 45 km\/h. Confortable, prot\u00e9g\u00e9e des intemp\u00e9ries et id\u00e9ale pour les d\u00e9placements urbains. Disponible chez Stelfia \u00e0 Renens.","breadcrumb":{"@id":"https:\/\/stelfia.com\/shop\/vehicules\/mobilite-seniors\/arosa-lev-voiture-electrique-45kmh\/#breadcrumb"},"inLanguage":"de","potentialAction":[{"@type":"ReadAction","target":["https:\/\/stelfia.com\/shop\/vehicules\/mobilite-seniors\/arosa-lev-voiture-electrique-45kmh\/"]}]},{"@type":"ImageObject","inLanguage":"de","@id":"https:\/\/stelfia.com\/shop\/vehicules\/mobilite-seniors\/arosa-lev-voiture-electrique-45kmh\/#primaryimage","url":"https:\/\/stelfia.com\/wp-content\/uploads\/2026\/03\/001.1.jpg","contentUrl":"https:\/\/stelfia.com\/wp-content\/uploads\/2026\/03\/001.1.jpg","width":826,"height":824,"caption":"Arosa LEV mobilit\u00e9 \u00e9lectrique"},{"@type":"BreadcrumbList","@id":"https:\/\/stelfia.com\/shop\/vehicules\/mobilite-seniors\/arosa-lev-voiture-electrique-45kmh\/#breadcrumb","itemListElement":[{"@type":"ListItem","position":1,"name":"Accueil","item":"https:\/\/stelfia.com\/"},{"@type":"ListItem","position":2,"name":"Shop","item":"https:\/\/stelfia.com\/shop\/"},{"@type":"ListItem","position":3,"name":"Arosa LEV"}]},{"@type":"WebSite","@id":"https:\/\/stelfia.com\/#website","url":"https:\/\/stelfia.com\/","name":"Elektroroller","description":"Trottinette \u00e9lectrique en Suisse romande","publisher":{"@id":"https:\/\/stelfia.com\/#organization"},"potentialAction":[{"@type":"SearchAction","target":{"@type":"EntryPoint","urlTemplate":"https:\/\/stelfia.com\/?s={search_term_string}"},"query-input":{"@type":"PropertyValueSpecification","valueRequired":true,"valueName":"search_term_string"}}],"inLanguage":"de"},{"@type":"Organization","@id":"https:\/\/stelfia.com\/#organization","name":"Trottinette \u00e9lectrique lausanne","url":"https:\/\/stelfia.com\/","logo":{"@type":"ImageObject","inLanguage":"de","@id":"https:\/\/stelfia.com\/#\/schema\/logo\/image\/","url":"https:\/\/stelfia.com\/wp-content\/uploads\/2023\/02\/logonew-removebg-preview.png","contentUrl":"https:\/\/stelfia.com\/wp-content\/uploads\/2023\/02\/logonew-removebg-preview.png","width":238,"height":100,"caption":"Trottinette \u00e9lectrique lausanne"},"image":{"@id":"https:\/\/stelfia.com\/#\/schema\/logo\/image\/"}}]}},"_links":{"self":[{"href":"https:\/\/stelfia.com\/de\/wp-json\/wp\/v2\/product\/12359","targetHints":{"allow":["GET"]}}],"collection":[{"href":"https:\/\/stelfia.com\/de\/wp-json\/wp\/v2\/product"}],"about":[{"href":"https:\/\/stelfia.com\/de\/wp-json\/wp\/v2\/types\/product"}],"version-history":[{"count":0,"href":"https:\/\/stelfia.com\/de\/wp-json\/wp\/v2\/product\/12359\/revisions"}],"wp:featuredmedia":[{"embeddable":true,"href":"https:\/\/stelfia.com\/de\/wp-json\/wp\/v2\/media\/12360"}],"wp:attachment":[{"href":"https:\/\/stelfia.com\/de\/wp-json\/wp\/v2\/media?parent=12359"}],"wp:term":[{"taxonomy":"product_brand","embeddable":true,"href":"https:\/\/stelfia.com\/de\/wp-json\/wp\/v2\/product_brand?post=12359"},{"taxonomy":"product_cat","embeddable":true,"href":"https:\/\/stelfia.com\/de\/wp-json\/wp\/v2\/product_cat?post=12359"},{"taxonomy":"product_tag","embeddable":true,"href":"https:\/\/stelfia.com\/de\/wp-json\/wp\/v2\/product_tag?post=12359"},{"taxonomy":"permis--de-conduire","embeddable":true,"href":"https:\/\/stelfia.com\/de\/wp-json\/wp\/v2\/permis--de-conduire?post=12359"},{"taxonomy":"vitesse","embeddable":true,"href":"https:\/\/stelfia.com\/de\/wp-json\/wp\/v2\/vitesse?post=12359"},{"taxonomy":"brands","embeddable":true,"href":"https:\/\/stelfia.com\/de\/wp-json\/wp\/v2\/brands?post=12359"},{"taxonomy":"accessoires","embeddable":true,"href":"https:\/\/stelfia.com\/de\/wp-json\/wp\/v2\/accessoires?post=12359"},{"taxonomy":"pieces-detachees","embeddable":true,"href":"https:\/\/stelfia.com\/de\/wp-json\/wp\/v2\/pieces-detachees?post=12359"},{"taxonomy":"trottinette-electrique","embeddable":true,"href":"https:\/\/stelfia.com\/de\/wp-json\/wp\/v2\/trottinette-electrique?post=12359"},{"taxonomy":"velo","embeddable":true,"href":"https:\/\/stelfia.com\/de\/wp-json\/wp\/v2\/velo?post=12359"}],"curies":[{"name":"wp","href":"https:\/\/api.w.org\/{rel}","templated":true}]}}